{"id":604,"date":"2023-03-16T07:57:05","date_gmt":"2023-03-16T07:57:05","guid":{"rendered":"https:\/\/legalbrandservices.com\/serveis\/"},"modified":"2023-05-22T11:04:42","modified_gmt":"2023-05-22T11:04:42","slug":"serveis","status":"publish","type":"page","link":"https:\/\/legalbrandservices.com\/ca\/serveis\/","title":{"rendered":"Serveis"},"content":{"rendered":"<p>[et_pb_section fb_built=&#8221;1&#8243; _builder_version=&#8221;4.20.2&#8243; _module_preset=&#8221;default&#8221; background_color=&#8221;#f3f4f7&#8243; custom_margin=&#8221;0px|0px|0px|0px|false|false&#8221; custom_padding=&#8221;0px|0px|0px|0px|false|false&#8221; global_colors_info=&#8221;{}&#8221;][et_pb_row _builder_version=&#8221;4.20.2&#8243; _module_preset=&#8221;default&#8221; custom_margin=&#8221;||0px||false|false&#8221; custom_padding=&#8221;||0px||false|false&#8221; global_colors_info=&#8221;{}&#8221;][et_pb_column type=&#8221;4_4&#8243; _builder_version=&#8221;4.20.2&#8243; _module_preset=&#8221;default&#8221; global_colors_info=&#8221;{}&#8221;][et_pb_text _builder_version=&#8221;4.20.2&#8243; _module_preset=&#8221;921f3ebc-464e-4f5c-a27e-c68f3023cd45&#8243; global_colors_info=&#8221;{}&#8221;]<nav aria-label=\"breadcrumbs\" class=\"rank-math-breadcrumb\"><p><span class=\"last\">Inicio<\/span><\/p><\/nav>[\/et_pb_text][\/et_pb_column][\/et_pb_row][\/et_pb_section][et_pb_section fb_built=&#8221;1&#8243; custom_padding_last_edited=&#8221;on|phone&#8221; _builder_version=&#8221;4.20.2&#8243; _module_preset=&#8221;default&#8221; background_color=&#8221;#F4F3F7&#8243; custom_padding_tablet=&#8221;&#8221; custom_padding_phone=&#8221;0px||0px||false|false&#8221; global_colors_info=&#8221;{}&#8221;][et_pb_row _builder_version=&#8221;4.20.2&#8243; _module_preset=&#8221;default&#8221; global_colors_info=&#8221;{}&#8221;][et_pb_column type=&#8221;4_4&#8243; _builder_version=&#8221;4.20.2&#8243; _module_preset=&#8221;default&#8221; global_colors_info=&#8221;{}&#8221;][et_pb_cta title=&#8221;Ajudo pimes i emprenedors a fomentar la cultura de marques&#8221; _builder_version=&#8221;4.20.2&#8243; _module_preset=&#8221;b5691733-8ce4-43d7-b035-adcf3adfa1f9&#8243; max_width=&#8221;950px&#8221; module_alignment=&#8221;center&#8221; hover_enabled=&#8221;0&#8243; global_colors_info=&#8221;{}&#8221; sticky_enabled=&#8221;0&#8243;]Com advocada especialitzada en Propietat Industrial, disposo d&#8217;una \u00e0mplia experi\u00e8ncia en mat\u00e8ria de marques, patents i dissenys industrials, i ofereixo, entre ells, els seg\u00fcents serveis:[\/et_pb_cta][\/et_pb_column][\/et_pb_row][\/et_pb_section][et_pb_section fb_built=&#8221;1&#8243; module_id=&#8221;disseny&#8221; _builder_version=&#8221;4.20.2&#8243; _module_preset=&#8221;default&#8221; background_color=&#8221;#F4F3F7&#8243; global_colors_info=&#8221;{}&#8221;][et_pb_row column_structure=&#8221;1_2,1_2&#8243; _builder_version=&#8221;4.20.2&#8243; _module_preset=&#8221;edd04143-6f10-420a-9dde-29ba6c4ab075&#8243; global_colors_info=&#8221;{}&#8221;][et_pb_column type=&#8221;1_2&#8243; _builder_version=&#8221;4.20.2&#8243; _module_preset=&#8221;default&#8221; global_colors_info=&#8221;{}&#8221;][et_pb_text _builder_version=&#8221;4.20.2&#8243; _module_preset=&#8221;3d2c5d1a-b42e-4f87-bf08-87793827d5d7&#8243; global_colors_info=&#8221;{}&#8221;]<\/p>\n<h2>Disseny de logotip i registre de marca<\/h2>\n<p>[\/et_pb_text][\/et_pb_column][et_pb_column type=&#8221;1_2&#8243; _builder_version=&#8221;4.20.2&#8243; _module_preset=&#8221;default&#8221; global_colors_info=&#8221;{}&#8221;][et_pb_text _builder_version=&#8221;4.20.2&#8243; _module_preset=&#8221;default&#8221; hover_enabled=&#8221;0&#8243; global_colors_info=&#8221;{}&#8221; text_line_height=&#8221;1.3em&#8221; sticky_enabled=&#8221;0&#8243;]<\/p>\n<p style=\"text-align: justify;\">El proc\u00e9s de crear un nom (naming) i una imatge gr\u00e0fica ajuda a desenvolupar l&#8217;element principal de marca. Es treballa de forma alineada amb els valors de l&#8217;empresa que hi ha darrere per a garantir i donar seguretat a l&#8217;usuari i consumidor final.<\/p>\n<p style=\"text-align: justify;\">Com a resultat s&#8217;obt\u00e9 una marca \u00fanica i llavors, per qu\u00e8 no protegir-la? Per a evitar que sigui usada i\/o registrada per un tercer.<\/p>\n<p style=\"text-align: justify;\">Col\u00b7laboro amb diverses ag\u00e8ncies de disseny gr\u00e0fic i podem fer-ho \u00fanic.<\/p>\n<ul>\n<li style=\"text-align: justify;\">Disseny de Branding.<\/li>\n<li style=\"text-align: justify;\">Disseny d&#8217;Imatge corporativa.<\/li>\n<li style=\"text-align: justify;\">Disseny de Rebranding (actualizaci\u00f3 de marca).<\/li>\n<li style=\"text-align: justify;\">Cerca d&#8217;antecedents de registres de signes distintius que puguin existir tant a Espanya com a l&#8217;estranger.<\/li>\n<li style=\"text-align: justify;\">Registre de marca a Espanya o a l&#8217;estranger.<\/li>\n<\/ul>\n<p>[\/et_pb_text][\/et_pb_column][\/et_pb_row][et_pb_row column_structure=&#8221;1_2,1_2&#8243; module_id=&#8221;registro&#8221; _builder_version=&#8221;4.20.2&#8243; _module_preset=&#8221;edd04143-6f10-420a-9dde-29ba6c4ab075&#8243; global_colors_info=&#8221;{}&#8221;][et_pb_column type=&#8221;1_2&#8243; _builder_version=&#8221;4.20.2&#8243; _module_preset=&#8221;default&#8221; global_colors_info=&#8221;{}&#8221;][et_pb_text _builder_version=&#8221;4.20.2&#8243; _module_preset=&#8221;3d2c5d1a-b42e-4f87-bf08-87793827d5d7&#8243; global_colors_info=&#8221;{}&#8221;]<\/p>\n<h2>Gesti\u00f3 i registre de signes distintius: marques i noms comercials<\/h2>\n<p>[\/et_pb_text][\/et_pb_column][et_pb_column type=&#8221;1_2&#8243; _builder_version=&#8221;4.20.2&#8243; _module_preset=&#8221;default&#8221; global_colors_info=&#8221;{}&#8221;][et_pb_text _builder_version=&#8221;4.20.2&#8243; _module_preset=&#8221;default&#8221; text_font=&#8221;||||||||&#8221; hover_enabled=&#8221;0&#8243; global_colors_info=&#8221;{}&#8221; text_line_height=&#8221;1.3em&#8221; sticky_enabled=&#8221;0&#8243;]<\/p>\n<p style=\"text-align: justify;\">Cerca i examen d&#8217;antecedents de registres de signes distintius que puguin existir tant a Espanya com a l&#8217;estranger.<\/p>\n<p style=\"text-align: justify;\">Tramitaci\u00f3 i gesti\u00f3 de tota la cartera de registres nacionals i estrangers de signes distintius.<\/p>\n<p style=\"text-align: justify;\">Defensa davant les corresponents oficines i registres de propietat industrial de tota classe d&#8217;incid\u00e8ncies administratives, com per exemple suspensos, oposicions, recursos, etc.<\/p>\n<p style=\"text-align: justify;\">Servei de vigil\u00e0ncia de noves sol\u00b7licituds de signes distintius a Espanya, Uni\u00f3 Europea i mundial.<\/p>\n<p style=\"text-align: justify;\">Gesti\u00f3 de carteres de signes distintius, incloent-hi auditoria inicial i revisi\u00f3 de la situaci\u00f3 legal de la cartera amb la redacci\u00f3 d&#8217;un informe de conclusions i proposta d&#8217;actuaci\u00f3.<\/p>\n<p>[\/et_pb_text][\/et_pb_column][\/et_pb_row][et_pb_row column_structure=&#8221;1_2,1_2&#8243; module_id=&#8221;asesoramiento-tecnico&#8221; _builder_version=&#8221;4.20.2&#8243; _module_preset=&#8221;edd04143-6f10-420a-9dde-29ba6c4ab075&#8243; global_colors_info=&#8221;{}&#8221;][et_pb_column type=&#8221;1_2&#8243; _builder_version=&#8221;4.20.2&#8243; _module_preset=&#8221;default&#8221; global_colors_info=&#8221;{}&#8221;][et_pb_text _builder_version=&#8221;4.20.2&#8243; _module_preset=&#8221;3d2c5d1a-b42e-4f87-bf08-87793827d5d7&#8243; global_colors_info=&#8221;{}&#8221;]<\/p>\n<h2>Assessorament t\u00e8cnic en la realitzaci\u00f3 de patents, models d&#8217;utilitat i dissenys<\/h2>\n<p>[\/et_pb_text][\/et_pb_column][et_pb_column type=&#8221;1_2&#8243; _builder_version=&#8221;4.20.2&#8243; _module_preset=&#8221;default&#8221; global_colors_info=&#8221;{}&#8221;][et_pb_text _builder_version=&#8221;4.20.2&#8243; _module_preset=&#8221;default&#8221; hover_enabled=&#8221;0&#8243; global_colors_info=&#8221;{}&#8221; text_line_height=&#8221;1.3em&#8221; sticky_enabled=&#8221;0&#8243;]<\/p>\n<p style=\"text-align: justify;\">Informe Tecnol\u00f2gic de Patents per a con\u00e8ixer amb anterioritat l&#8217;estat de la t\u00e8cnica d&#8217;una invenci\u00f3.<\/p>\n<p style=\"text-align: justify;\">Redacci\u00f3 de mem\u00f2ries per a la sol\u00b7licitud de patents i\/o models d&#8217;utilitat.<\/p>\n<p style=\"text-align: justify;\">Tramitaci\u00f3 i gesti\u00f3 de tota la cartera de registres nacionals i estrangers d&#8217;invencions (patents, models d&#8217;utilitat i dissenys).<\/p>\n<p style=\"text-align: justify;\">Informes de vigil\u00e0ncia Tecnol\u00f2gica a mida, segons les necessitats.<\/p>\n<p style=\"text-align: justify;\">Servei de vigil\u00e0ncia mundial de Patents.<\/p>\n<p>[\/et_pb_text][\/et_pb_column][\/et_pb_row][et_pb_row column_structure=&#8221;1_2,1_2&#8243; module_id=&#8221;asesoramiento-juridico&#8221; _builder_version=&#8221;4.20.2&#8243; _module_preset=&#8221;edd04143-6f10-420a-9dde-29ba6c4ab075&#8243; custom_margin=&#8221;||60px||false|false&#8221; custom_margin_tablet=&#8221;||60px||false|false&#8221; custom_margin_phone=&#8221;||0px||false|false&#8221; custom_margin_last_edited=&#8221;on|phone&#8221; global_colors_info=&#8221;{}&#8221;][et_pb_column type=&#8221;1_2&#8243; _builder_version=&#8221;4.20.2&#8243; _module_preset=&#8221;default&#8221; global_colors_info=&#8221;{}&#8221;][et_pb_text _builder_version=&#8221;4.20.2&#8243; _module_preset=&#8221;3d2c5d1a-b42e-4f87-bf08-87793827d5d7&#8243; global_colors_info=&#8221;{}&#8221;]<\/p>\n<h2>Assessorament jur\u00eddic<\/h2>\n<p>[\/et_pb_text][\/et_pb_column][et_pb_column type=&#8221;1_2&#8243; _builder_version=&#8221;4.20.2&#8243; _module_preset=&#8221;default&#8221; global_colors_info=&#8221;{}&#8221;][et_pb_text _builder_version=&#8221;4.20.2&#8243; _module_preset=&#8221;default&#8221; hover_enabled=&#8221;0&#8243; global_colors_info=&#8221;{}&#8221; text_line_height=&#8221;1.3em&#8221; sticky_enabled=&#8221;0&#8243;]<\/p>\n<p style=\"text-align: justify;\">Redacci\u00f3 de requeriments.<\/p>\n<p style=\"text-align: justify;\">Actes Notarials per a la protecci\u00f3 de la propietat intel\u00b7lectual.<\/p>\n<p style=\"text-align: justify;\">Interposici\u00f3 de recursos contenciosos administratius contra les resolucions que esgotin la via administrativa, en relaci\u00f3 amb els drets de propietat industrial.<\/p>\n<p>[\/et_pb_text][\/et_pb_column][\/et_pb_row][\/et_pb_section][et_pb_section fb_built=&#8221;1&#8243; _builder_version=&#8221;4.20.2&#8243; _module_preset=&#8221;default&#8221; background_color=&#8221;#F4F3F7&#8243; global_colors_info=&#8221;{}&#8221;][et_pb_row column_structure=&#8221;3_4,1_4&#8243; make_equal=&#8221;on&#8221; module_class=&#8221;row-pastilla-qui-som&#8221; _builder_version=&#8221;4.20.2&#8243; _module_preset=&#8221;929d8e78-afa8-42ed-b809-d4d6ab0bed86&#8243; overflow-x=&#8221;visible&#8221; overflow-y=&#8221;visible&#8221; custom_padding=&#8221;30px|30px|30px|30px|false|false&#8221; locked=&#8221;off&#8221; global_colors_info=&#8221;{}&#8221;][et_pb_column type=&#8221;3_4&#8243; _builder_version=&#8221;4.20.2&#8243; _module_preset=&#8221;default&#8221; global_colors_info=&#8221;{}&#8221;][et_pb_cta title=&#8221;La import\u00e0ncia dels drets de Propietat Industrial&#8221; button_url=&#8221;@ET-DC@eyJkeW5hbWljIjp0cnVlLCJjb250ZW50IjoicG9zdF9saW5rX3VybF9wYWdlIiwic2V0dGluZ3MiOnsicG9zdF9pZCI6IjUxIn19@&#8221; button_text=&#8221;sobre mi&#8221; _builder_version=&#8221;4.20.2&#8243; _dynamic_attributes=&#8221;button_url&#8221; _module_preset=&#8221;bdc2f4ef-b3cd-4c78-a2ad-0c8831d6d35d&#8221; global_colors_info=&#8221;{}&#8221;]<\/p>\n<p>Formaci\u00f3 i comunicaci\u00f3<\/p>\n<p>Escric articles mensuals en el Diari Pened\u00e8s Econ\u00f2mic de manera did\u00e0ctica i entenedora perqu\u00e8 considero que les pimes han de con\u00e8ixer qu\u00e8 \u00e9s i en qu\u00e8 consisteix la Propietat Industrial per a donar-li valor.<\/p>\n<p>[\/et_pb_cta][\/et_pb_column][et_pb_column type=&#8221;1_4&#8243; _builder_version=&#8221;4.20.2&#8243; _module_preset=&#8221;default&#8221; global_colors_info=&#8221;{}&#8221;][et_pb_image src=&#8221;https:\/\/legalbrandservices.com\/wp-content\/uploads\/2023\/03\/Maria-Lobato.png&#8221; title_text=&#8221;Mari\u0301a Lobato&#8221; _builder_version=&#8221;4.20.2&#8243; _module_preset=&#8221;2a9cfa81-1a49-4fef-ae91-8d236a60db7e&#8221; global_colors_info=&#8221;{}&#8221;][\/et_pb_image][\/et_pb_column][\/et_pb_row][\/et_pb_section][et_pb_section fb_built=&#8221;1&#8243; _builder_version=&#8221;4.20.2&#8243; _module_preset=&#8221;default&#8221; global_colors_info=&#8221;{}&#8221;][et_pb_row _builder_version=&#8221;4.20.2&#8243; _module_preset=&#8221;default&#8221; global_colors_info=&#8221;{}&#8221;][et_pb_column type=&#8221;4_4&#8243; _builder_version=&#8221;4.20.2&#8243; _module_preset=&#8221;default&#8221; global_colors_info=&#8221;{}&#8221;][et_pb_cta title=&#8221;CONTACTA AMB MI&#8221; button_url=&#8221;@ET-DC@eyJkeW5hbWljIjp0cnVlLCJjb250ZW50IjoicG9zdF9saW5rX3VybF9wYWdlIiwic2V0dGluZ3MiOnsicG9zdF9pZCI6IjUzIn19@&#8221; button_text=&#8221;contacte&#8221; _builder_version=&#8221;4.20.2&#8243; _dynamic_attributes=&#8221;button_url&#8221; _module_preset=&#8221;default&#8221; text_orientation=&#8221;center&#8221; max_width=&#8221;900px&#8221; module_alignment=&#8221;center&#8221; custom_padding_tablet=&#8221;&#8221; custom_padding_phone=&#8221;|0px||0px|false|false&#8221; custom_padding_last_edited=&#8221;on|phone&#8221; global_colors_info=&#8221;{}&#8221;]Cada client \u00e9s \u00fanic, igual que el seu cas, i cada servei \u00e9s personal i enfocat a les seves necessitats. <\/p>\n<p>Creant una comunicaci\u00f3 directa, transparent i de confian\u00e7a per a aconseguir els objectius marcats tant pel client com per mi mateixa.[\/et_pb_cta][\/et_pb_column][\/et_pb_row][\/et_pb_section]<\/p>\n","protected":false},"excerpt":{"rendered":"<p><nav aria-label=\"breadcrumbs\" class=\"rank-math-breadcrumb\"><p><span class=\"last\">Inicio<\/span><\/p><\/nav>Com advocada especialitzada en Propietat Industrial, disposo d&#8217;una \u00e0mplia experi\u00e8ncia en mat\u00e8ria de marques, patents i dissenys industrials, i ofereixo, entre ells, els seg\u00fcents serveis:Disseny de logotip i registre de marcaEl proc\u00e9s de crear un nom (naming) i una imatge gr\u00e0fica ajuda a desenvolupar l&#8217;element principal de marca. Es treballa de forma alineada amb els [&hellip;]<\/p>\n","protected":false},"author":1,"featured_media":0,"parent":0,"menu_order":0,"comment_status":"closed","ping_status":"closed","template":"","meta":{"_et_pb_use_builder":"on","_et_pb_old_content":"","_et_gb_content_width":"","footnotes":""},"dipi_cpt_category":[],"_links":{"self":[{"href":"https:\/\/legalbrandservices.com\/ca\/wp-json\/wp\/v2\/pages\/604"}],"collection":[{"href":"https:\/\/legalbrandservices.com\/ca\/wp-json\/wp\/v2\/pages"}],"about":[{"href":"https:\/\/legalbrandservices.com\/ca\/wp-json\/wp\/v2\/types\/page"}],"author":[{"embeddable":true,"href":"https:\/\/legalbrandservices.com\/ca\/wp-json\/wp\/v2\/users\/1"}],"replies":[{"embeddable":true,"href":"https:\/\/legalbrandservices.com\/ca\/wp-json\/wp\/v2\/comments?post=604"}],"version-history":[{"count":45,"href":"https:\/\/legalbrandservices.com\/ca\/wp-json\/wp\/v2\/pages\/604\/revisions"}],"predecessor-version":[{"id":871,"href":"https:\/\/legalbrandservices.com\/ca\/wp-json\/wp\/v2\/pages\/604\/revisions\/871"}],"wp:attachment":[{"href":"https:\/\/legalbrandservices.com\/ca\/wp-json\/wp\/v2\/media?parent=604"}],"wp:term":[{"taxonomy":"dipi_cpt_category","embeddable":true,"href":"https:\/\/legalbrandservices.com\/ca\/wp-json\/wp\/v2\/dipi_cpt_category?post=604"}],"curies":[{"name":"wp","href":"https:\/\/api.w.org\/{rel}","templated":true}]}}